{"id":53,"date":"2024-07-04T08:54:23","date_gmt":"2024-07-04T08:54:23","guid":{"rendered":"https:\/\/www.centrefrancedebarras.fr\/?page_id=53"},"modified":"2024-07-23T12:08:37","modified_gmt":"2024-07-23T12:08:37","slug":"prestation-debarras","status":"publish","type":"page","link":"https:\/\/www.centrefrancedebarras.fr\/?page_id=53","title":{"rendered":"Prestation D\u00e9barras"},"content":{"rendered":"<p>[et_pb_section fb_built=\u00a0\u00bb1&Prime; _builder_version=\u00a0\u00bb4.16.0&Prime; _module_preset=\u00a0\u00bbdefault\u00a0\u00bb global_colors_info=\u00a0\u00bb{}\u00a0\u00bb][et_pb_row _builder_version=\u00a0\u00bb4.16.0&Prime; _module_preset=\u00a0\u00bbdefault\u00a0\u00bb global_colors_info=\u00a0\u00bb{}\u00a0\u00bb][et_pb_column type=\u00a0\u00bb4_4&Prime; _builder_version=\u00a0\u00bb4.16.0&Prime; _module_preset=\u00a0\u00bbdefault\u00a0\u00bb global_colors_info=\u00a0\u00bb{}\u00a0\u00bb][et_pb_text _builder_version=\u00a0\u00bb4.16.0&Prime; _module_preset=\u00a0\u00bbdefault\u00a0\u00bb global_colors_info=\u00a0\u00bb{}\u00a0\u00bb]<\/p>\n<h1><strong><span style=\"color: #000080;\">Centre France D\u00e9barras<\/span><\/strong><\/h1>\n<p>[\/et_pb_text][et_pb_text _builder_version=\u00a0\u00bb4.16.0&Prime; _module_preset=\u00a0\u00bbdefault\u00a0\u00bb global_colors_info=\u00a0\u00bb{}\u00a0\u00bb]<\/p>\n<h2>Nos diff\u00e9rentes prestations D\u00e9barras :<\/h2>\n<p>[\/et_pb_text][et_pb_text _builder_version=\u00a0\u00bb4.16.0&Prime; _module_preset=\u00a0\u00bbdefault\u00a0\u00bb global_colors_info=\u00a0\u00bb{}\u00a0\u00bb]<\/p>\n<h3><span style=\"text-decoration: underline;\">Le syndrome de Diog\u00e8ne :<\/span><\/h3>\n<p>Le syndrome de Diog\u00e8ne est un trouble o\u00f9 une personne n\u00e9glige gravement son hygi\u00e8ne et son domicile, accumule compulsivement des objets inutiles et vit dans l&rsquo;isolement social. Les personnes atteintes ne reconnaissent souvent pas la gravit\u00e9 de leur situation et refusent l&rsquo;aide. Ce syndrome est souvent li\u00e9 \u00e0 des troubles psychiatriques comme la d\u00e9pression ou la d\u00e9mence, et n\u00e9cessite une approche de soins multidisciplinaire pour am\u00e9liorer les conditions de vie et traiter les causes sous-jacentes.<\/p>\n<p>[\/et_pb_text][\/et_pb_column][\/et_pb_row][et_pb_row _builder_version=\u00a0\u00bb4.16.0&Prime; _module_preset=\u00a0\u00bbdefault\u00a0\u00bb global_colors_info=\u00a0\u00bb{}\u00a0\u00bb][et_pb_column type=\u00a0\u00bb4_4&Prime; _builder_version=\u00a0\u00bb4.16.0&Prime; _module_preset=\u00a0\u00bbdefault\u00a0\u00bb global_colors_info=\u00a0\u00bb{}\u00a0\u00bb][et_pb_gallery gallery_ids=\u00a0\u00bb140,142,152,141&Prime; show_title_and_caption=\u00a0\u00bboff\u00a0\u00bb _builder_version=\u00a0\u00bb4.16.0&Prime; _module_preset=\u00a0\u00bbdefault\u00a0\u00bb box_shadow_style_image=\u00a0\u00bbpreset2&Prime; box_shadow_horizontal_image=\u00a0\u00bb25px\u00a0\u00bb box_shadow_color_image=\u00a0\u00bb#021436&Prime; global_colors_info=\u00a0\u00bb{}\u00a0\u00bb][\/et_pb_gallery][\/et_pb_column][\/et_pb_row][et_pb_row _builder_version=\u00a0\u00bb4.16.0&Prime; _module_preset=\u00a0\u00bbdefault\u00a0\u00bb min_height=\u00a0\u00bb50.6px\u00a0\u00bb global_colors_info=\u00a0\u00bb{}\u00a0\u00bb][et_pb_column type=\u00a0\u00bb4_4&Prime; _builder_version=\u00a0\u00bb4.16.0&Prime; _module_preset=\u00a0\u00bbdefault\u00a0\u00bb global_colors_info=\u00a0\u00bb{}\u00a0\u00bb][et_pb_text _builder_version=\u00a0\u00bb4.16.0&Prime; _module_preset=\u00a0\u00bbdefault\u00a0\u00bb custom_padding=\u00a0\u00bb0px|||||\u00a0\u00bb global_colors_info=\u00a0\u00bb{}\u00a0\u00bb]<\/p>\n<p>Notre soci\u00e9t\u00e9 respecte ses clients. Nous savons rester discret et respectueux.<\/p>\n<p>Parfois il suffit d&rsquo;un coup de pouce pour mieux repartir, <span style=\"color: #0000ff;\">Centre France D\u00e9barras<\/span>, c&rsquo;est la solution qu&rsquo;il vous faut.<\/p>\n<p>[\/et_pb_text][\/et_pb_column][\/et_pb_row][et_pb_row _builder_version=\u00a0\u00bb4.16.0&Prime; _module_preset=\u00a0\u00bbdefault\u00a0\u00bb global_colors_info=\u00a0\u00bb{}\u00a0\u00bb][et_pb_column type=\u00a0\u00bb4_4&Prime; _builder_version=\u00a0\u00bb4.16.0&Prime; _module_preset=\u00a0\u00bbdefault\u00a0\u00bb global_colors_info=\u00a0\u00bb{}\u00a0\u00bb][et_pb_text _builder_version=\u00a0\u00bb4.16.0&Prime; _module_preset=\u00a0\u00bbdefault\u00a0\u00bb global_colors_info=\u00a0\u00bb{}\u00a0\u00bb]<\/p>\n<h2><span style=\"text-decoration: underline;\">Le D\u00e9barras :<\/span><\/h2>\n<p>Que ce soit lors de l&rsquo;achat d&rsquo;une maison , de la vente d&rsquo;un bien ou simplement apr\u00e8s des travaux. On se retrouve avec des meubles que l&rsquo;on ne souhaite plus, ou des gravats.<\/p>\n<p>Que faire ? Cela prends du temps et de l&rsquo;\u00e9nergie et puis avons nous le v\u00e9hicule n\u00e9c\u00e9ssaire ? <span style=\"color: #0000ff;\">Centre France D\u00e9barras<\/span> c&rsquo;est les professionnels connaisseurs de l&rsquo;environnement, de l&rsquo;int\u00e9r\u00eat d&rsquo;un bon tris.<\/p>\n<p>[\/et_pb_text][\/et_pb_column][\/et_pb_row][et_pb_row _builder_version=\u00a0\u00bb4.16.0&Prime; _module_preset=\u00a0\u00bbdefault\u00a0\u00bb global_colors_info=\u00a0\u00bb{}\u00a0\u00bb][et_pb_column type=\u00a0\u00bb4_4&Prime; _builder_version=\u00a0\u00bb4.16.0&Prime; _module_preset=\u00a0\u00bbdefault\u00a0\u00bb global_colors_info=\u00a0\u00bb{}\u00a0\u00bb][et_pb_gallery gallery_ids=\u00a0\u00bb144,145,150&Prime; posts_number=\u00a0\u00bbi\u00a0\u00bb show_title_and_caption=\u00a0\u00bboff\u00a0\u00bb _builder_version=\u00a0\u00bb4.16.0&Prime; _module_preset=\u00a0\u00bbdefault\u00a0\u00bb box_shadow_style_image=\u00a0\u00bbpreset2&Prime; box_shadow_horizontal_image=\u00a0\u00bb24px\u00a0\u00bb box_shadow_blur_image=\u00a0\u00bb25px\u00a0\u00bb box_shadow_color_image=\u00a0\u00bb#021436&Prime; global_colors_info=\u00a0\u00bb{}\u00a0\u00bb][\/et_pb_gallery][\/et_pb_column][\/et_pb_row][et_pb_row _builder_version=\u00a0\u00bb4.16.0&Prime; _module_preset=\u00a0\u00bbdefault\u00a0\u00bb global_colors_info=\u00a0\u00bb{}\u00a0\u00bb][et_pb_column type=\u00a0\u00bb4_4&Prime; _builder_version=\u00a0\u00bb4.16.0&Prime; _module_preset=\u00a0\u00bbdefault\u00a0\u00bb global_colors_info=\u00a0\u00bb{}\u00a0\u00bb][et_pb_text _builder_version=\u00a0\u00bb4.16.0&Prime; _module_preset=\u00a0\u00bbdefault\u00a0\u00bb global_colors_info=\u00a0\u00bb{}\u00a0\u00bb]<\/p>\n<p>les gravats c&rsquo;est lourd, difficile, il faut le mat\u00e9riel pour et un v\u00e9hicule permettant de transporter sans enfreindre des limites de poids .\u00a0<\/p>\n<p>Mais cela aussi pour le vide maison ou appartement :\u00a0<\/p>\n<p>[\/et_pb_text][\/et_pb_column][\/et_pb_row][et_pb_row _builder_version=\u00a0\u00bb4.16.0&Prime; _module_preset=\u00a0\u00bbdefault\u00a0\u00bb global_colors_info=\u00a0\u00bb{}\u00a0\u00bb][et_pb_column type=\u00a0\u00bb4_4&Prime; _builder_version=\u00a0\u00bb4.16.0&Prime; _module_preset=\u00a0\u00bbdefault\u00a0\u00bb global_colors_info=\u00a0\u00bb{}\u00a0\u00bb][et_pb_gallery gallery_ids=\u00a0\u00bb138,139,146,143&Prime; show_title_and_caption=\u00a0\u00bboff\u00a0\u00bb _builder_version=\u00a0\u00bb4.16.0&Prime; _module_preset=\u00a0\u00bbdefault\u00a0\u00bb box_shadow_style_image=\u00a0\u00bbpreset2&Prime; box_shadow_horizontal_image=\u00a0\u00bb25px\u00a0\u00bb box_shadow_color_image=\u00a0\u00bb#021436&Prime; global_colors_info=\u00a0\u00bb{}\u00a0\u00bb][\/et_pb_gallery][\/et_pb_column][\/et_pb_row][et_pb_row _builder_version=\u00a0\u00bb4.16.0&Prime; _module_preset=\u00a0\u00bbdefault\u00a0\u00bb global_colors_info=\u00a0\u00bb{}\u00a0\u00bb][et_pb_column type=\u00a0\u00bb4_4&Prime; _builder_version=\u00a0\u00bb4.16.0&Prime; _module_preset=\u00a0\u00bbdefault\u00a0\u00bb global_colors_info=\u00a0\u00bb{}\u00a0\u00bb][et_pb_text _builder_version=\u00a0\u00bb4.16.0&Prime; _module_preset=\u00a0\u00bbdefault\u00a0\u00bb global_colors_info=\u00a0\u00bb{}\u00a0\u00bb]<\/p>\n<h2><span style=\"text-decoration: underline;\">Le D\u00e9m\u00e9nagement :<\/span><\/h2>\n<p>Que ce soit lors de l&rsquo;achat d&rsquo;une maison , de la vente d&rsquo;un bien ou simplement pour des travaux, vous avez besoin de d\u00e9placer des meubles auquel vous tenez pour une mise en box, mise aux encheres ou simplement les d\u00e9placer durant les travaux<\/p>\n<p><span style=\"color: #0000ff;\">Centre France D\u00e9barras<\/span> c&rsquo;est les professionnels qu&rsquo;il vous faut.<\/p>\n<p>Nous avons le mat\u00e9riel ad\u00e9quates , les connaissances pour la protection , le transport des meubles . Vous avez juste a profitez du savoir-faire<\/p>\n<p>[\/et_pb_text][\/et_pb_column][\/et_pb_row][et_pb_row _builder_version=\u00a0\u00bb4.16.0&Prime; _module_preset=\u00a0\u00bbdefault\u00a0\u00bb global_colors_info=\u00a0\u00bb{}\u00a0\u00bb][et_pb_column type=\u00a0\u00bb4_4&Prime; _builder_version=\u00a0\u00bb4.16.0&Prime; _module_preset=\u00a0\u00bbdefault\u00a0\u00bb global_colors_info=\u00a0\u00bb{}\u00a0\u00bb][et_pb_gallery gallery_ids=\u00a0\u00bb137,135,219,220&Prime; gallery_orderby=\u00a0\u00bbrand\u00a0\u00bb posts_number=\u00a0\u00bb8&Prime; show_title_and_caption=\u00a0\u00bboff\u00a0\u00bb show_pagination=\u00a0\u00bboff\u00a0\u00bb _builder_version=\u00a0\u00bb4.16.0&Prime; _module_preset=\u00a0\u00bbdefault\u00a0\u00bb border_color_all_image=\u00a0\u00bb#021436&Prime; box_shadow_style_image=\u00a0\u00bbpreset2&Prime; box_shadow_horizontal_image=\u00a0\u00bb25px\u00a0\u00bb box_shadow_color_image=\u00a0\u00bb#021436&Prime; global_colors_info=\u00a0\u00bb{}\u00a0\u00bb][\/et_pb_gallery][\/et_pb_column][\/et_pb_row][et_pb_row _builder_version=\u00a0\u00bb4.16.0&Prime; _module_preset=\u00a0\u00bbdefault\u00a0\u00bb global_colors_info=\u00a0\u00bb{}\u00a0\u00bb][et_pb_column type=\u00a0\u00bb4_4&Prime; _builder_version=\u00a0\u00bb4.16.0&Prime; _module_preset=\u00a0\u00bbdefault\u00a0\u00bb global_colors_info=\u00a0\u00bb{}\u00a0\u00bb][et_pb_text _builder_version=\u00a0\u00bb4.16.0&Prime; _module_preset=\u00a0\u00bbdefault\u00a0\u00bb global_colors_info=\u00a0\u00bb{}\u00a0\u00bb]<\/p>\n<p>&nbsp;<\/p>\n<h1 en=\"\" 3=\"\" mots=\"\" :=\"\" a=\"\" href=\"Https:\/\/www.centrefrancedebarras.fr\">En 3 mots : <a href=\"Https:\/\/www.centrefrancedebarras.fr\">Centre France D\u00e9barras<\/a><\/h1>\n<p>&nbsp;<\/p>\n<p>[\/et_pb_text][et_pb_text _builder_version=\u00a0\u00bb4.16.0&Prime; _module_preset=\u00a0\u00bbdefault\u00a0\u00bb global_colors_info=\u00a0\u00bb{}\u00a0\u00bb]<\/p>\n<p>En faisant appel \u00e0 <span style=\"color: #0000ff;\">Centre France D\u00e9barras<\/span>, vous faites appel \u00e0 l&rsquo;expertise de professionnels.<\/p>\n<p>Vos meubles seront trait\u00e9 avec soin et tout le professionnalisme qu&rsquo;ils m\u00e9ritent.<\/p>\n<p>Vos gravats et autres d\u00e9chets seront emmen\u00e9 en d\u00e9charge et trier comme il se doit. Et si des meubles m\u00e9ritent une seconde vie, avec votre permission ils seront offert en votre nom \u00e0 des \u0153uvres pour que d&rsquo;autres puissent en b\u00e9n\u00e9ficier. Car oui <span style=\"color: #0000ff;\">Centre France D\u00e9barras<\/span> c&rsquo;est aussi le sens de l&rsquo;humanit\u00e9.<\/p>\n<p>Alors <a href=\"https:\/\/www.centrefrancedebarras.fr\/?page_id=63\" target=\"_blank\" rel=\"noopener\">contacter nous<\/a><\/p>\n<p>[\/et_pb_text][et_pb_image src=\u00a0\u00bbhttps:\/\/www.centrefrancedebarras.fr\/wp-content\/uploads\/2024\/07\/logo-png-1.png\u00a0\u00bb _builder_version=\u00a0\u00bb4.16.0&Prime; _module_preset=\u00a0\u00bbdefault\u00a0\u00bb alt=\u00a0\u00bbCentre France D\u00e9barras Logo\u00a0\u00bb title_text=\u00a0\u00bbCentre France D\u00e9barras Logo\u00a0\u00bb hover_enabled=\u00a0\u00bb0&Prime; sticky_enabled=\u00a0\u00bb0&Prime;][\/et_pb_image][\/et_pb_column][\/et_pb_row][\/et_pb_section]<\/p>\n","protected":false},"excerpt":{"rendered":"<p>Centre France D\u00e9barrasNos diff\u00e9rentes prestations D\u00e9barras :Le syndrome de Diog\u00e8ne : Le syndrome de Diog\u00e8ne est un trouble o\u00f9 une personne n\u00e9glige gravement son hygi\u00e8ne et son domicile, accumule compulsivement des objets inutiles et vit dans l&rsquo;isolement social. Les personnes atteintes ne reconnaissent souvent pas la gravit\u00e9 de leur situation et refusent l&rsquo;aide. Ce syndrome [&hellip;]<\/p>\n","protected":false},"author":1,"featured_media":0,"parent":0,"menu_order":0,"comment_status":"closed","ping_status":"closed","template":"","meta":{"_et_pb_use_builder":"on","_et_pb_old_content":"<!-- wp:divi\/placeholder \/-->","_et_gb_content_width":"","footnotes":""},"class_list":["post-53","page","type-page","status-publish","hentry"],"yoast_head":"<!-- This site is optimized with the Yoast SEO plugin v27.5 - https:\/\/yoast.com\/product\/yoast-seo-wordpress\/ -->\n<title>Prestation D\u00e9barras - Centre France D\u00e9barras<\/title>\n<meta name=\"robots\" content=\"index, follow, max-snippet:-1, max-image-preview:large, max-video-preview:-1\" \/>\n<link rel=\"canonical\" href=\"https:\/\/www.centrefrancedebarras.fr\/?page_id=53\" \/>\n<meta property=\"og:locale\" content=\"fr_FR\" \/>\n<meta property=\"og:type\" content=\"article\" \/>\n<meta property=\"og:title\" content=\"Prestation D\u00e9barras - Centre France D\u00e9barras\" \/>\n<meta property=\"og:description\" content=\"Centre France D\u00e9barrasNos diff\u00e9rentes prestations D\u00e9barras :Le syndrome de Diog\u00e8ne : Le syndrome de Diog\u00e8ne est un trouble o\u00f9 une personne n\u00e9glige gravement son hygi\u00e8ne et son domicile, accumule compulsivement des objets inutiles et vit dans l&#039;isolement social. Les personnes atteintes ne reconnaissent souvent pas la gravit\u00e9 de leur situation et refusent l&#039;aide. Ce syndrome [&hellip;]\" \/>\n<meta property=\"og:url\" content=\"https:\/\/www.centrefrancedebarras.fr\/?page_id=53\" \/>\n<meta property=\"og:site_name\" content=\"Centre France D\u00e9barras\" \/>\n<meta property=\"article:publisher\" content=\"https:\/\/www.facebook.com\/centrefrancedebarras\" \/>\n<meta property=\"article:modified_time\" content=\"2024-07-23T12:08:37+00:00\" \/>\n<meta name=\"twitter:card\" content=\"summary_large_image\" \/>\n<script type=\"application\/ld+json\" class=\"yoast-schema-graph\">{\"@context\":\"https:\\\/\\\/schema.org\",\"@graph\":[{\"@type\":\"WebPage\",\"@id\":\"https:\\\/\\\/www.centrefrancedebarras.fr\\\/?page_id=53\",\"url\":\"https:\\\/\\\/www.centrefrancedebarras.fr\\\/?page_id=53\",\"name\":\"Prestation D\u00e9barras - Centre France D\u00e9barras\",\"isPartOf\":{\"@id\":\"https:\\\/\\\/www.centrefrancedebarras.fr\\\/#website\"},\"datePublished\":\"2024-07-04T08:54:23+00:00\",\"dateModified\":\"2024-07-23T12:08:37+00:00\",\"breadcrumb\":{\"@id\":\"https:\\\/\\\/www.centrefrancedebarras.fr\\\/?page_id=53#breadcrumb\"},\"inLanguage\":\"fr-FR\",\"potentialAction\":[{\"@type\":\"ReadAction\",\"target\":[\"https:\\\/\\\/www.centrefrancedebarras.fr\\\/?page_id=53\"]}]},{\"@type\":\"BreadcrumbList\",\"@id\":\"https:\\\/\\\/www.centrefrancedebarras.fr\\\/?page_id=53#breadcrumb\",\"itemListElement\":[{\"@type\":\"ListItem\",\"position\":1,\"name\":\"Accueil\",\"item\":\"https:\\\/\\\/www.centrefrancedebarras.fr\\\/\"},{\"@type\":\"ListItem\",\"position\":2,\"name\":\"Prestation D\u00e9barras\"}]},{\"@type\":\"WebSite\",\"@id\":\"https:\\\/\\\/www.centrefrancedebarras.fr\\\/#website\",\"url\":\"https:\\\/\\\/www.centrefrancedebarras.fr\\\/\",\"name\":\"Centre France D\u00e9barras\",\"description\":\"Centre France D\u00e9barras, le Sp\u00e9cialiste du D\u00e9barras en Auvergne\",\"publisher\":{\"@id\":\"https:\\\/\\\/www.centrefrancedebarras.fr\\\/#organization\"},\"potentialAction\":[{\"@type\":\"SearchAction\",\"target\":{\"@type\":\"EntryPoint\",\"urlTemplate\":\"https:\\\/\\\/www.centrefrancedebarras.fr\\\/?s={search_term_string}\"},\"query-input\":{\"@type\":\"PropertyValueSpecification\",\"valueRequired\":true,\"valueName\":\"search_term_string\"}}],\"inLanguage\":\"fr-FR\"},{\"@type\":\"Organization\",\"@id\":\"https:\\\/\\\/www.centrefrancedebarras.fr\\\/#organization\",\"name\":\"Centre France D\u00e9barras\",\"url\":\"https:\\\/\\\/www.centrefrancedebarras.fr\\\/\",\"logo\":{\"@type\":\"ImageObject\",\"inLanguage\":\"fr-FR\",\"@id\":\"https:\\\/\\\/www.centrefrancedebarras.fr\\\/#\\\/schema\\\/logo\\\/image\\\/\",\"url\":\"https:\\\/\\\/www.centrefrancedebarras.fr\\\/wp-content\\\/uploads\\\/2024\\\/07\\\/SmartSelect_20240307_194008_Facebook-1.jpg\",\"contentUrl\":\"https:\\\/\\\/www.centrefrancedebarras.fr\\\/wp-content\\\/uploads\\\/2024\\\/07\\\/SmartSelect_20240307_194008_Facebook-1.jpg\",\"width\":624,\"height\":342,\"caption\":\"Centre France D\u00e9barras\"},\"image\":{\"@id\":\"https:\\\/\\\/www.centrefrancedebarras.fr\\\/#\\\/schema\\\/logo\\\/image\\\/\"},\"sameAs\":[\"https:\\\/\\\/www.facebook.com\\\/centrefrancedebarras\"]}]}<\/script>\n<!-- \/ Yoast SEO plugin. -->","yoast_head_json":{"title":"Prestation D\u00e9barras - Centre France D\u00e9barras","robots":{"index":"index","follow":"follow","max-snippet":"max-snippet:-1","max-image-preview":"max-image-preview:large","max-video-preview":"max-video-preview:-1"},"canonical":"https:\/\/www.centrefrancedebarras.fr\/?page_id=53","og_locale":"fr_FR","og_type":"article","og_title":"Prestation D\u00e9barras - Centre France D\u00e9barras","og_description":"Centre France D\u00e9barrasNos diff\u00e9rentes prestations D\u00e9barras :Le syndrome de Diog\u00e8ne : Le syndrome de Diog\u00e8ne est un trouble o\u00f9 une personne n\u00e9glige gravement son hygi\u00e8ne et son domicile, accumule compulsivement des objets inutiles et vit dans l'isolement social. Les personnes atteintes ne reconnaissent souvent pas la gravit\u00e9 de leur situation et refusent l'aide. Ce syndrome [&hellip;]","og_url":"https:\/\/www.centrefrancedebarras.fr\/?page_id=53","og_site_name":"Centre France D\u00e9barras","article_publisher":"https:\/\/www.facebook.com\/centrefrancedebarras","article_modified_time":"2024-07-23T12:08:37+00:00","twitter_card":"summary_large_image","schema":{"@context":"https:\/\/schema.org","@graph":[{"@type":"WebPage","@id":"https:\/\/www.centrefrancedebarras.fr\/?page_id=53","url":"https:\/\/www.centrefrancedebarras.fr\/?page_id=53","name":"Prestation D\u00e9barras - Centre France D\u00e9barras","isPartOf":{"@id":"https:\/\/www.centrefrancedebarras.fr\/#website"},"datePublished":"2024-07-04T08:54:23+00:00","dateModified":"2024-07-23T12:08:37+00:00","breadcrumb":{"@id":"https:\/\/www.centrefrancedebarras.fr\/?page_id=53#breadcrumb"},"inLanguage":"fr-FR","potentialAction":[{"@type":"ReadAction","target":["https:\/\/www.centrefrancedebarras.fr\/?page_id=53"]}]},{"@type":"BreadcrumbList","@id":"https:\/\/www.centrefrancedebarras.fr\/?page_id=53#breadcrumb","itemListElement":[{"@type":"ListItem","position":1,"name":"Accueil","item":"https:\/\/www.centrefrancedebarras.fr\/"},{"@type":"ListItem","position":2,"name":"Prestation D\u00e9barras"}]},{"@type":"WebSite","@id":"https:\/\/www.centrefrancedebarras.fr\/#website","url":"https:\/\/www.centrefrancedebarras.fr\/","name":"Centre France D\u00e9barras","description":"Centre France D\u00e9barras, le Sp\u00e9cialiste du D\u00e9barras en Auvergne","publisher":{"@id":"https:\/\/www.centrefrancedebarras.fr\/#organization"},"potentialAction":[{"@type":"SearchAction","target":{"@type":"EntryPoint","urlTemplate":"https:\/\/www.centrefrancedebarras.fr\/?s={search_term_string}"},"query-input":{"@type":"PropertyValueSpecification","valueRequired":true,"valueName":"search_term_string"}}],"inLanguage":"fr-FR"},{"@type":"Organization","@id":"https:\/\/www.centrefrancedebarras.fr\/#organization","name":"Centre France D\u00e9barras","url":"https:\/\/www.centrefrancedebarras.fr\/","logo":{"@type":"ImageObject","inLanguage":"fr-FR","@id":"https:\/\/www.centrefrancedebarras.fr\/#\/schema\/logo\/image\/","url":"https:\/\/www.centrefrancedebarras.fr\/wp-content\/uploads\/2024\/07\/SmartSelect_20240307_194008_Facebook-1.jpg","contentUrl":"https:\/\/www.centrefrancedebarras.fr\/wp-content\/uploads\/2024\/07\/SmartSelect_20240307_194008_Facebook-1.jpg","width":624,"height":342,"caption":"Centre France D\u00e9barras"},"image":{"@id":"https:\/\/www.centrefrancedebarras.fr\/#\/schema\/logo\/image\/"},"sameAs":["https:\/\/www.facebook.com\/centrefrancedebarras"]}]}},"_links":{"self":[{"href":"https:\/\/www.centrefrancedebarras.fr\/index.php?rest_route=\/wp\/v2\/pages\/53","targetHints":{"allow":["GET"]}}],"collection":[{"href":"https:\/\/www.centrefrancedebarras.fr\/index.php?rest_route=\/wp\/v2\/pages"}],"about":[{"href":"https:\/\/www.centrefrancedebarras.fr\/index.php?rest_route=\/wp\/v2\/types\/page"}],"author":[{"embeddable":true,"href":"https:\/\/www.centrefrancedebarras.fr\/index.php?rest_route=\/wp\/v2\/users\/1"}],"replies":[{"embeddable":true,"href":"https:\/\/www.centrefrancedebarras.fr\/index.php?rest_route=%2Fwp%2Fv2%2Fcomments&post=53"}],"version-history":[{"count":7,"href":"https:\/\/www.centrefrancedebarras.fr\/index.php?rest_route=\/wp\/v2\/pages\/53\/revisions"}],"predecessor-version":[{"id":222,"href":"https:\/\/www.centrefrancedebarras.fr\/index.php?rest_route=\/wp\/v2\/pages\/53\/revisions\/222"}],"wp:attachment":[{"href":"https:\/\/www.centrefrancedebarras.fr\/index.php?rest_route=%2Fwp%2Fv2%2Fmedia&parent=53"}],"curies":[{"name":"wp","href":"https:\/\/api.w.org\/{rel}","templated":true}]}}